{"id":95,"date":"2017-01-24T22:05:47","date_gmt":"2017-01-24T22:05:47","guid":{"rendered":"http:\/\/dev.jary.se\/?page_id=95"},"modified":"2025-04-12T09:36:33","modified_gmt":"2025-04-12T07:36:33","slug":"barncyklar","status":"publish","type":"page","link":"http:\/\/jary.se\/?page_id=95","title":{"rendered":"Barncyklar"},"content":{"rendered":"\n<p class=\"has-text-align-center\"><strong>Barncyklar<\/strong><\/p>\n\n\n<p style=\"text-align: center;\"><a href=\"http:\/\/dev.jary.se\/wp-content\/uploads\/2017\/01\/barncyklar.jpg\"><img decoding=\"async\" loading=\"lazy\" class=\"size-full wp-image-292 aligncenter\" src=\"http:\/\/dev.jary.se\/wp-content\/uploads\/2017\/01\/barncyklar.jpg\" alt=\"\" width=\"704\" height=\"528\" srcset=\"http:\/\/jary.se\/wp-content\/uploads\/2017\/01\/barncyklar.jpg 704w, http:\/\/jary.se\/wp-content\/uploads\/2017\/01\/barncyklar-300x225.jpg 300w\" sizes=\"(max-width: 704px) 100vw, 704px\" \/><\/a><\/p>\n<p class=\"style3\" style=\"text-align: center;\">H\u00e4r \u00e4r n\u00e5gra cyklar ur <b>PUKY<\/b>:s sortiment:<br \/>3 hjulingen f\u00f6r de minsta. Styret g\u00e5r att l\u00e5sa, <br \/>pedalerna kan man frikoppla f\u00f6r att l\u00e4ttare kunna hj\u00e4lpa till att skjuta p\u00e5.\u00a0<\/p>\n<p class=\"style3\" style=\"text-align: center;\">Fr\u00e5n 2 \u00e5r kan en g\u00e5\/spring-cykel passa bra.<br \/>De l\u00e4r sig ganska snart att hitta balansen och tar sig fram smidigt.<br \/>N\u00e4r det blir dags f\u00f6r en cykel med trampor beh\u00f6vs inga st\u00f6dhjul.<br \/>De kommer snabbt p\u00e5 koden och kan cykla p\u00e5 riktigt.\u00a0<\/p>\n<p class=\"style3\" style=\"text-align: center;\">Sparkcykeln f\u00f6r de lite \u00e4ldre.\u00a0<\/p>\n<p class=\"style3\" style=\"text-align: center;\"><a href=\"http:\/\/dev.jary.se\/wp-content\/uploads\/2017\/01\/balanscykel.jpg\"><img decoding=\"async\" loading=\"lazy\" class=\"size-full wp-image-295 alignnone\" src=\"http:\/\/dev.jary.se\/wp-content\/uploads\/2017\/01\/balanscykel.jpg\" alt=\"\" width=\"704\" height=\"528\" srcset=\"http:\/\/jary.se\/wp-content\/uploads\/2017\/01\/balanscykel.jpg 704w, http:\/\/jary.se\/wp-content\/uploads\/2017\/01\/balanscykel-300x225.jpg 300w\" sizes=\"(max-width: 704px) 100vw, 704px\" \/><\/a><\/p>\n<p class=\"style3\" style=\"text-align: center;\">H\u00e4r ett par cyklar fr\u00e5n <strong>LIKEaBIKE<\/strong><\/p>\n<p class=\"style3\" style=\"text-align: center;\">Tr\u00e4cykeln \u00e4r extrautrustad med st\u00f6d och styrv\u00e4ska.<\/p>\n<p>Den gr\u00f6na\/gr\u00e5 cykeln har aluminiumram, som dessutom \u00e4r d\u00e4mpad i baksvingen.\u00a0<\/p>\n<p class=\"style3\" style=\"text-align: center;\">Viktigt att tr\u00e4ning och cykellek sker p\u00e5 l\u00e4mplig plats, med vuxens\u00e4llskap.<\/p>\n<p class=\"style3\" style=\"text-align: center;\"><strong>Lekplatsen \u00e4r en fin m\u00f6tesplats f\u00f6r ung som\u00a0vuxen<\/strong><\/p>","protected":false},"excerpt":{"rendered":"<p>Barncyklar H\u00e4r \u00e4r n\u00e5gra cyklar ur PUKY:s sortiment:3 hjulingen f\u00f6r de minsta. Styret g\u00e5r att l\u00e5sa, pedalerna kan man frikoppla f\u00f6r att l\u00e4ttare kunna hj\u00e4lpa till att skjuta p\u00e5.\u00a0 Fr\u00e5n 2 \u00e5r kan en g\u00e5\/spring-cykel passa bra.De l\u00e4r sig ganska snart att hitta balansen och tar sig fram smidigt.N\u00e4r det blir dags f\u00f6r en cykel &hellip; <\/p>\n<p class=\"link-more\"><a href=\"http:\/\/jary.se\/?page_id=95\" class=\"more-link\">Forts\u00e4tt l\u00e4sa<span class=\"screen-reader-text\"> &#8221;Barncyklar&#8221;<\/span><\/a><\/p>\n","protected":false},"author":1,"featured_media":0,"parent":0,"menu_order":0,"comment_status":"closed","ping_status":"closed","template":"","meta":{"footnotes":""},"_links":{"self":[{"href":"http:\/\/jary.se\/index.php?rest_route=\/wp\/v2\/pages\/95"}],"collection":[{"href":"http:\/\/jary.se\/index.php?rest_route=\/wp\/v2\/pages"}],"about":[{"href":"http:\/\/jary.se\/index.php?rest_route=\/wp\/v2\/types\/page"}],"author":[{"embeddable":true,"href":"http:\/\/jary.se\/index.php?rest_route=\/wp\/v2\/users\/1"}],"replies":[{"embeddable":true,"href":"http:\/\/jary.se\/index.php?rest_route=%2Fwp%2Fv2%2Fcomments&post=95"}],"version-history":[{"count":11,"href":"http:\/\/jary.se\/index.php?rest_route=\/wp\/v2\/pages\/95\/revisions"}],"predecessor-version":[{"id":1420,"href":"http:\/\/jary.se\/index.php?rest_route=\/wp\/v2\/pages\/95\/revisions\/1420"}],"wp:attachment":[{"href":"http:\/\/jary.se\/index.php?rest_route=%2Fwp%2Fv2%2Fmedia&parent=95"}],"curies":[{"name":"wp","href":"https:\/\/api.w.org\/{rel}","templated":true}]}}