{"id":380,"date":"2017-02-05T20:49:09","date_gmt":"2017-02-05T20:49:09","guid":{"rendered":"http:\/\/dev.jary.se\/?page_id=380"},"modified":"2024-01-20T23:30:44","modified_gmt":"2024-01-20T22:30:44","slug":"christiania","status":"publish","type":"page","link":"http:\/\/jary.se\/?page_id=380","title":{"rendered":"Christiania"},"content":{"rendered":"\n<p class=\"has-text-align-center\"><strong>Christiania<\/strong><\/p>\n\n\n<p><a href=\"http:\/\/dev.jary.se\/wp-content\/uploads\/2017\/02\/Christiania-wedding.jpg\"><img decoding=\"async\" loading=\"lazy\" class=\"size-full wp-image-394 aligncenter\" src=\"http:\/\/dev.jary.se\/wp-content\/uploads\/2017\/02\/Christiania-wedding.jpg\" alt=\"\" width=\"505\" height=\"505\" srcset=\"http:\/\/jary.se\/wp-content\/uploads\/2017\/02\/Christiania-wedding.jpg 505w, http:\/\/jary.se\/wp-content\/uploads\/2017\/02\/Christiania-wedding-150x150.jpg 150w, http:\/\/jary.se\/wp-content\/uploads\/2017\/02\/Christiania-wedding-300x300.jpg 300w, http:\/\/jary.se\/wp-content\/uploads\/2017\/02\/Christiania-wedding-100x100.jpg 100w\" sizes=\"(max-width: 505px) 100vw, 505px\" \/><\/a><\/p>\n<p style=\"text-align: center;\"><a href=\"http:\/\/dev.jary.se\/wp-content\/uploads\/2017\/02\/christiania-p\u00e5-varvet.jpg\"><img decoding=\"async\" loading=\"lazy\" class=\"alignnone size-full wp-image-397\" src=\"http:\/\/dev.jary.se\/wp-content\/uploads\/2017\/02\/christiania-p\u00e5-varvet.jpg\" alt=\"\" width=\"237\" height=\"315\" srcset=\"http:\/\/jary.se\/wp-content\/uploads\/2017\/02\/christiania-p\u00e5-varvet.jpg 237w, http:\/\/jary.se\/wp-content\/uploads\/2017\/02\/christiania-p\u00e5-varvet-226x300.jpg 226w\" sizes=\"(max-width: 237px) 100vw, 237px\" \/><\/a><\/p>\n<p style=\"text-align: center;\"><strong>Christianiacykeln<\/strong> passar lika fint till vardag som till fest.<\/p>\n<p align=\"center\"><span style=\"font-size: 16px;\">Denna transportcykel har sitt ursprung fr\u00e5n det bilfria Christiania i K\u00f6penhamn.&nbsp;<br \/>\n<\/span><span style=\"font-size: 16px;\">1984 s\u00e5g den f\u00f6rsta transportcykeln dagens ljus.<br \/>\nProdukterna utvecklades i samarbete med brukarna.<br \/>\nKvalit\u00e9 och h\u00e5llbarhet har fr\u00e5n starten varit ett riktm\u00e4rke.<br \/>\nM\u00e5nga har f\u00e5tt upp \u00f6gonen f\u00f6r detta milj\u00f6v\u00e4nliga transportmedel.<br \/>\nDen &nbsp;exporterats till m\u00e5nga&nbsp;<\/span>l\u00e4nder.<\/p>\n<p style=\"padding: 0px; margin: 0px 0px 1.5em 0px;\" align=\"center\"><a href=\"http:\/\/dev.jary.se\/wp-content\/uploads\/2017\/02\/christiania-light.jpg\"><img decoding=\"async\" loading=\"lazy\" class=\"alignnone size-medium wp-image-406\" src=\"http:\/\/dev.jary.se\/wp-content\/uploads\/2017\/02\/christiania-light-300x222.jpg\" alt=\"\" width=\"300\" height=\"222\" srcset=\"http:\/\/jary.se\/wp-content\/uploads\/2017\/02\/christiania-light-300x222.jpg 300w, http:\/\/jary.se\/wp-content\/uploads\/2017\/02\/christiania-light.jpg 550w\" sizes=\"(max-width: 300px) 100vw, 300px\" \/><\/a><\/p>\n<p style=\"padding: 0px; margin: 0px 0px 1.5em 0px;\" align=\"center\">Cykeln kan utrustas p\u00e5 m\u00e5nga s\u00e4tt: V\u00e4xlar, kapell, barns\u00e4te m.m.<br \/>\nDu kan \u00e4ven f\u00e5 elassistans, det underl\u00e4ttar vid lite tyngre transporter.<\/p>\n<p style=\"padding: 0px; margin: 0px 0px 1.5em 0px;\" align=\"center\">&nbsp;<\/p>\n<p style=\"padding: 0px; margin: 0px 0px 1.5em 0px;\" align=\"center\">&nbsp;<a href=\"http:\/\/dev.jary.se\/wp-content\/uploads\/2017\/02\/CB-2Hjuler.jpg\"><img decoding=\"async\" loading=\"lazy\" class=\"alignnone size-full wp-image-407\" src=\"http:\/\/dev.jary.se\/wp-content\/uploads\/2017\/02\/CB-2Hjuler.jpg\" alt=\"\" width=\"400\" height=\"300\" srcset=\"http:\/\/jary.se\/wp-content\/uploads\/2017\/02\/CB-2Hjuler.jpg 400w, http:\/\/jary.se\/wp-content\/uploads\/2017\/02\/CB-2Hjuler-300x225.jpg 300w\" sizes=\"(max-width: 400px) 100vw, 400px\" \/><\/a><\/p>\n<p style=\"padding: 0px; margin: 0px 0px 1.5em 0px;\" align=\"center\">Detta \u00e4r ocks\u00e5 en Cristianiacykel: CB-2 Wheeler.<br \/>\nUtrustad med 8 v\u00e4xlar, rullbromsar.<br \/>\nKan kompletteras med barnb\u00e4nk, kapell mm.<\/p>\n<p align=\"center\">&nbsp;<\/p>","protected":false},"excerpt":{"rendered":"<p>Christiania Christianiacykeln passar lika fint till vardag som till fest. Denna transportcykel har sitt ursprung fr\u00e5n det bilfria Christiania i K\u00f6penhamn.&nbsp; 1984 s\u00e5g den f\u00f6rsta transportcykeln dagens ljus. Produkterna utvecklades i samarbete med brukarna. Kvalit\u00e9 och h\u00e5llbarhet har fr\u00e5n starten varit ett riktm\u00e4rke. M\u00e5nga har f\u00e5tt upp \u00f6gonen f\u00f6r detta milj\u00f6v\u00e4nliga transportmedel. Den &nbsp;exporterats till &hellip; <\/p>\n<p class=\"link-more\"><a href=\"http:\/\/jary.se\/?page_id=380\" class=\"more-link\">Forts\u00e4tt l\u00e4sa<span class=\"screen-reader-text\"> &#8221;Christiania&#8221;<\/span><\/a><\/p>\n","protected":false},"author":1,"featured_media":0,"parent":0,"menu_order":0,"comment_status":"closed","ping_status":"closed","template":"","meta":{"footnotes":""},"_links":{"self":[{"href":"http:\/\/jary.se\/index.php?rest_route=\/wp\/v2\/pages\/380"}],"collection":[{"href":"http:\/\/jary.se\/index.php?rest_route=\/wp\/v2\/pages"}],"about":[{"href":"http:\/\/jary.se\/index.php?rest_route=\/wp\/v2\/types\/page"}],"author":[{"embeddable":true,"href":"http:\/\/jary.se\/index.php?rest_route=\/wp\/v2\/users\/1"}],"replies":[{"embeddable":true,"href":"http:\/\/jary.se\/index.php?rest_route=%2Fwp%2Fv2%2Fcomments&post=380"}],"version-history":[{"count":13,"href":"http:\/\/jary.se\/index.php?rest_route=\/wp\/v2\/pages\/380\/revisions"}],"predecessor-version":[{"id":1387,"href":"http:\/\/jary.se\/index.php?rest_route=\/wp\/v2\/pages\/380\/revisions\/1387"}],"wp:attachment":[{"href":"http:\/\/jary.se\/index.php?rest_route=%2Fwp%2Fv2%2Fmedia&parent=380"}],"curies":[{"name":"wp","href":"https:\/\/api.w.org\/{rel}","templated":true}]}}